{"id":408,"date":"2018-11-15T09:14:23","date_gmt":"2018-11-15T09:14:23","guid":{"rendered":"https:\/\/demo.everestthemes.com\/everestnews\/demo\/everest-news-pro-i\/?page_id=408"},"modified":"2024-05-08T08:55:50","modified_gmt":"2024-05-08T11:55:50","slug":"sobre-nos","status":"publish","type":"page","link":"https:\/\/observatorioleopoldina.com.br\/home\/sobre-nos\/","title":{"rendered":"Sobre n\u00f3s"},"content":{"rendered":"\n<p class=\"wp-block-paragraph\">O Observat\u00f3rio Leopoldina, criado em 17 de abril de 2015, na plataforma Facebook, \u00e9 um espa\u00e7o virtual colaborativo focado no desenvolvimento socioecon\u00f4mico sustent\u00e1vel de um Distrito em plena transforma\u00e7\u00e3o: a Vila Leopoldina.<\/p>\n\n\n<div class=\"wp-block-image\">\n<figure class=\"aligncenter size-full\"><img decoding=\"async\" width=\"434\" height=\"126\" data-src=\"https:\/\/mundimagem.com\/observatorioleopoldina\/wp-content\/uploads\/2024\/02\/cropped-cropped-logo-ol-e1708990009427.jpg\" alt=\"\" class=\"wp-image-807 lazyload\" data-srcset=\"https:\/\/observatorioleopoldina.com.br\/home\/wp-content\/uploads\/2024\/02\/cropped-cropped-logo-ol-e1708990009427.jpg 434w, https:\/\/observatorioleopoldina.com.br\/home\/wp-content\/uploads\/2024\/02\/cropped-cropped-logo-ol-e1708990009427-300x87.jpg 300w\" data-sizes=\"(max-width: 434px) 100vw, 434px\" src=\"data:image\/gif;base64,R0lGODlhAQABAAAAACH5BAEKAAEALAAAAAABAAEAAAICTAEAOw==\" style=\"--smush-placeholder-width: 434px; --smush-placeholder-aspect-ratio: 434\/126;\" \/><\/figure>\n<\/div>\n\n\n<p class=\"wp-block-paragraph\">Este Observat\u00f3rio se prop\u00f5e a debater o presente e o futuro desta regi\u00e3o da cidade onde moram mais de 40 mil pessoas.<\/p>\n\n\n\n<p class=\"wp-block-paragraph\">Entendemos que as redes sociais do ciberespa\u00e7o se apresentam como importantes e poderosas ferramentas que, se utilizadas com intelig\u00eancia, \u00e9tica e responsabilidade, s\u00e3o capazes de promover o di\u00e1logo, compartilhar experi\u00eancias, disseminar conhecimento contribuindo para a constru\u00e7\u00e3o de uma sociedade centrada na cultura da paz, respeito \u00e0s diferen\u00e7as e promotora da inclus\u00e3o e justi\u00e7a social, preceito este expl\u00edcito na Constitui\u00e7\u00e3o Federal, a Constitui\u00e7\u00e3o Cidad\u00e3 de 1988.<\/p>\n\n\n\n<p class=\"wp-block-paragraph\">Com a difus\u00e3o do notici\u00e1rio do bairro e vizinhan\u00e7a; com a propositura e organiza\u00e7\u00e3o de eventos e atividades; com a proposta de evidenciar fala e a\u00e7\u00f5es dos personagens que, de fato, fazem acontecer na Leopoldina; ou que ainda anseiam por serem ouvidos, esperamos que nosso trabalho de an\u00e1lise da realidade concreta dos fatos propicie uma din\u00e2mica propositiva, conduza \u00e0 apresenta\u00e7\u00e3o de ideias e projetos que possam mudar para melhor essa regi\u00e3o onde moramos e\/ou trabalhamos<\/p>\n\n\n\n<p class=\"wp-block-paragraph\">Agora \u00e9 hora. Vamos navegar e construir juntos.<\/p>\n","protected":false},"excerpt":{"rendered":"<p>O Observat\u00f3rio Leopoldina, criado em 17 de abril de 2015, na plataforma Facebook, \u00e9 um<\/p>\n","protected":false},"author":1,"featured_media":0,"parent":0,"menu_order":0,"comment_status":"closed","ping_status":"closed","template":"","meta":{"footnotes":""},"class_list":["post-408","page","type-page","status-publish","hentry"],"aioseo_notices":[],"aioseo_head":"\n\t\t<!-- All in One SEO 5.0.1.1 - aioseo.com -->\n\t<meta name=\"description\" content=\"O Observat\u00f3rio Leopoldina, criado em 17 de abril de 2015, na plataforma Facebook, \u00e9 um espa\u00e7o virtual colaborativo focado no desenvolvimento socioecon\u00f4mico sustent\u00e1vel de um Distrito em plena transforma\u00e7\u00e3o: a Vila Leopoldina. Este Observat\u00f3rio se prop\u00f5e a debater o presente e o futuro desta regi\u00e3o da cidade onde moram mais de 40 mil pessoas. Entendemos\" \/>\n\t<meta name=\"robots\" content=\"max-image-preview:large\" \/>\n\t<link rel=\"canonical\" href=\"https:\/\/observatorioleopoldina.com.br\/home\/sobre-nos\/\" \/>\n\t<meta name=\"generator\" content=\"All in One SEO (AIOSEO) 5.0.1.1\" \/>\n\t\t<meta property=\"og:locale\" content=\"pt_BR\" \/>\n\t\t<meta property=\"og:site_name\" content=\"Observat\u00f3rio Leopoldina - Espa\u00e7o virtual colaborativo focado no desenvolvimento socioecon\u00f4mico sustent\u00e1vel de um Distrito em plena transforma\u00e7\u00e3o: a Vila Leopoldina.\" \/>\n\t\t<meta property=\"og:type\" content=\"article\" \/>\n\t\t<meta property=\"og:title\" content=\"Sobre n\u00f3s - Observat\u00f3rio Leopoldina\" \/>\n\t\t<meta property=\"og:description\" content=\"O Observat\u00f3rio Leopoldina, criado em 17 de abril de 2015, na plataforma Facebook, \u00e9 um espa\u00e7o virtual colaborativo focado no desenvolvimento socioecon\u00f4mico sustent\u00e1vel de um Distrito em plena transforma\u00e7\u00e3o: a Vila Leopoldina. Este Observat\u00f3rio se prop\u00f5e a debater o presente e o futuro desta regi\u00e3o da cidade onde moram mais de 40 mil pessoas. Entendemos\" \/>\n\t\t<meta property=\"og:url\" content=\"https:\/\/observatorioleopoldina.com.br\/home\/sobre-nos\/\" \/>\n\t\t<meta property=\"og:image\" content=\"https:\/\/observatorioleopoldina.com.br\/home\/wp-content\/uploads\/2024\/02\/2022-06-08-removebg-preview.png\" \/>\n\t\t<meta property=\"og:image:secure_url\" content=\"https:\/\/observatorioleopoldina.com.br\/home\/wp-content\/uploads\/2024\/02\/2022-06-08-removebg-preview.png\" \/>\n\t\t<meta property=\"article:published_time\" content=\"2018-11-15T09:14:23+00:00\" \/>\n\t\t<meta property=\"article:modified_time\" content=\"2024-05-08T11:55:50+00:00\" \/>\n\t\t<meta name=\"twitter:card\" content=\"summary_large_image\" \/>\n\t\t<meta name=\"twitter:title\" content=\"Sobre n\u00f3s - Observat\u00f3rio Leopoldina\" \/>\n\t\t<meta name=\"twitter:description\" content=\"O Observat\u00f3rio Leopoldina, criado em 17 de abril de 2015, na plataforma Facebook, \u00e9 um espa\u00e7o virtual colaborativo focado no desenvolvimento socioecon\u00f4mico sustent\u00e1vel de um Distrito em plena transforma\u00e7\u00e3o: a Vila Leopoldina. Este Observat\u00f3rio se prop\u00f5e a debater o presente e o futuro desta regi\u00e3o da cidade onde moram mais de 40 mil pessoas. Entendemos\" \/>\n\t\t<meta name=\"twitter:image\" content=\"https:\/\/observatorioleopoldina.com.br\/home\/wp-content\/uploads\/2024\/02\/2022-06-08-removebg-preview.png\" \/>\n\t\t<script type=\"application\/ld+json\" class=\"aioseo-schema\">\n\t\t\t{\"@context\":\"https:\\\/\\\/schema.org\",\"@graph\":[{\"@type\":\"BreadcrumbList\",\"@id\":\"https:\\\/\\\/observatorioleopoldina.com.br\\\/home\\\/sobre-nos\\\/#breadcrumblist\",\"itemListElement\":[{\"@type\":\"ListItem\",\"@id\":\"https:\\\/\\\/observatorioleopoldina.com.br\\\/home#listItem\",\"position\":1,\"name\":\"In\\u00edcio\",\"item\":\"https:\\\/\\\/observatorioleopoldina.com.br\\\/home\",\"nextItem\":{\"@type\":\"ListItem\",\"@id\":\"https:\\\/\\\/observatorioleopoldina.com.br\\\/home\\\/sobre-nos\\\/#listItem\",\"name\":\"Sobre n\\u00f3s\"}},{\"@type\":\"ListItem\",\"@id\":\"https:\\\/\\\/observatorioleopoldina.com.br\\\/home\\\/sobre-nos\\\/#listItem\",\"position\":2,\"name\":\"Sobre n\\u00f3s\",\"previousItem\":{\"@type\":\"ListItem\",\"@id\":\"https:\\\/\\\/observatorioleopoldina.com.br\\\/home#listItem\",\"name\":\"In\\u00edcio\"}}]},{\"@type\":\"Organization\",\"@id\":\"https:\\\/\\\/observatorioleopoldina.com.br\\\/home\\\/#organization\",\"name\":\"Observat\\u00f3rio Leopoldina\",\"description\":\"Espa\\u00e7o virtual colaborativo focado no desenvolvimento socioecon\\u00f4mico sustent\\u00e1vel de um Distrito em plena transforma\\u00e7\\u00e3o: a Vila Leopoldina.\",\"url\":\"https:\\\/\\\/observatorioleopoldina.com.br\\\/home\\\/\",\"logo\":{\"@type\":\"ImageObject\",\"url\":\"https:\\\/\\\/observatorioleopoldina.com.br\\\/home\\\/wp-content\\\/uploads\\\/2024\\\/02\\\/2022-06-08-removebg-preview.png\",\"@id\":\"https:\\\/\\\/observatorioleopoldina.com.br\\\/home\\\/sobre-nos\\\/#organizationLogo\",\"width\":680,\"height\":247},\"image\":{\"@id\":\"https:\\\/\\\/observatorioleopoldina.com.br\\\/home\\\/sobre-nos\\\/#organizationLogo\"}},{\"@type\":\"WebPage\",\"@id\":\"https:\\\/\\\/observatorioleopoldina.com.br\\\/home\\\/sobre-nos\\\/#webpage\",\"url\":\"https:\\\/\\\/observatorioleopoldina.com.br\\\/home\\\/sobre-nos\\\/\",\"name\":\"Sobre n\\u00f3s - Observat\\u00f3rio Leopoldina\",\"description\":\"O Observat\\u00f3rio Leopoldina, criado em 17 de abril de 2015, na plataforma Facebook, \\u00e9 um espa\\u00e7o virtual colaborativo focado no desenvolvimento socioecon\\u00f4mico sustent\\u00e1vel de um Distrito em plena transforma\\u00e7\\u00e3o: a Vila Leopoldina. Este Observat\\u00f3rio se prop\\u00f5e a debater o presente e o futuro desta regi\\u00e3o da cidade onde moram mais de 40 mil pessoas. Entendemos\",\"inLanguage\":\"pt-BR\",\"isPartOf\":{\"@id\":\"https:\\\/\\\/observatorioleopoldina.com.br\\\/home\\\/#website\"},\"breadcrumb\":{\"@id\":\"https:\\\/\\\/observatorioleopoldina.com.br\\\/home\\\/sobre-nos\\\/#breadcrumblist\"},\"datePublished\":\"2018-11-15T09:14:23-02:00\",\"dateModified\":\"2024-05-08T08:55:50-03:00\"},{\"@type\":\"WebSite\",\"@id\":\"https:\\\/\\\/observatorioleopoldina.com.br\\\/home\\\/#website\",\"url\":\"https:\\\/\\\/observatorioleopoldina.com.br\\\/home\\\/\",\"name\":\"Observat\\u00f3rio Leopoldina\",\"description\":\"Espa\\u00e7o virtual colaborativo focado no desenvolvimento socioecon\\u00f4mico sustent\\u00e1vel de um Distrito em plena transforma\\u00e7\\u00e3o: a Vila Leopoldina.\",\"inLanguage\":\"pt-BR\",\"publisher\":{\"@id\":\"https:\\\/\\\/observatorioleopoldina.com.br\\\/home\\\/#organization\"}}]}\n\t\t<\/script>\n\t\t<!-- All in One SEO -->\n\n","aioseo_head_json":{"title":"Sobre n\u00f3s - Observat\u00f3rio Leopoldina","description":"O Observat\u00f3rio Leopoldina, criado em 17 de abril de 2015, na plataforma Facebook, \u00e9 um espa\u00e7o virtual colaborativo focado no desenvolvimento socioecon\u00f4mico sustent\u00e1vel de um Distrito em plena transforma\u00e7\u00e3o: a Vila Leopoldina. Este Observat\u00f3rio se prop\u00f5e a debater o presente e o futuro desta regi\u00e3o da cidade onde moram mais de 40 mil pessoas. Entendemos","canonical_url":"https:\/\/observatorioleopoldina.com.br\/home\/sobre-nos\/","robots":"max-image-preview:large","keywords":"","webmasterTools":{"miscellaneous":""},"schema":{"@context":"https:\/\/schema.org","@graph":[{"@type":"BreadcrumbList","@id":"https:\/\/observatorioleopoldina.com.br\/home\/sobre-nos\/#breadcrumblist","itemListElement":[{"@type":"ListItem","@id":"https:\/\/observatorioleopoldina.com.br\/home#listItem","position":1,"name":"In\u00edcio","item":"https:\/\/observatorioleopoldina.com.br\/home","nextItem":{"@type":"ListItem","@id":"https:\/\/observatorioleopoldina.com.br\/home\/sobre-nos\/#listItem","name":"Sobre n\u00f3s"}},{"@type":"ListItem","@id":"https:\/\/observatorioleopoldina.com.br\/home\/sobre-nos\/#listItem","position":2,"name":"Sobre n\u00f3s","previousItem":{"@type":"ListItem","@id":"https:\/\/observatorioleopoldina.com.br\/home#listItem","name":"In\u00edcio"}}]},{"@type":"Organization","@id":"https:\/\/observatorioleopoldina.com.br\/home\/#organization","name":"Observat\u00f3rio Leopoldina","description":"Espa\u00e7o virtual colaborativo focado no desenvolvimento socioecon\u00f4mico sustent\u00e1vel de um Distrito em plena transforma\u00e7\u00e3o: a Vila Leopoldina.","url":"https:\/\/observatorioleopoldina.com.br\/home\/","logo":{"@type":"ImageObject","url":"https:\/\/observatorioleopoldina.com.br\/home\/wp-content\/uploads\/2024\/02\/2022-06-08-removebg-preview.png","@id":"https:\/\/observatorioleopoldina.com.br\/home\/sobre-nos\/#organizationLogo","width":680,"height":247},"image":{"@id":"https:\/\/observatorioleopoldina.com.br\/home\/sobre-nos\/#organizationLogo"}},{"@type":"WebPage","@id":"https:\/\/observatorioleopoldina.com.br\/home\/sobre-nos\/#webpage","url":"https:\/\/observatorioleopoldina.com.br\/home\/sobre-nos\/","name":"Sobre n\u00f3s - Observat\u00f3rio Leopoldina","description":"O Observat\u00f3rio Leopoldina, criado em 17 de abril de 2015, na plataforma Facebook, \u00e9 um espa\u00e7o virtual colaborativo focado no desenvolvimento socioecon\u00f4mico sustent\u00e1vel de um Distrito em plena transforma\u00e7\u00e3o: a Vila Leopoldina. Este Observat\u00f3rio se prop\u00f5e a debater o presente e o futuro desta regi\u00e3o da cidade onde moram mais de 40 mil pessoas. Entendemos","inLanguage":"pt-BR","isPartOf":{"@id":"https:\/\/observatorioleopoldina.com.br\/home\/#website"},"breadcrumb":{"@id":"https:\/\/observatorioleopoldina.com.br\/home\/sobre-nos\/#breadcrumblist"},"datePublished":"2018-11-15T09:14:23-02:00","dateModified":"2024-05-08T08:55:50-03:00"},{"@type":"WebSite","@id":"https:\/\/observatorioleopoldina.com.br\/home\/#website","url":"https:\/\/observatorioleopoldina.com.br\/home\/","name":"Observat\u00f3rio Leopoldina","description":"Espa\u00e7o virtual colaborativo focado no desenvolvimento socioecon\u00f4mico sustent\u00e1vel de um Distrito em plena transforma\u00e7\u00e3o: a Vila Leopoldina.","inLanguage":"pt-BR","publisher":{"@id":"https:\/\/observatorioleopoldina.com.br\/home\/#organization"}}]},"og:locale":"pt_BR","og:site_name":"Observat\u00f3rio Leopoldina - Espa\u00e7o virtual colaborativo focado no desenvolvimento socioecon\u00f4mico sustent\u00e1vel de um Distrito em plena transforma\u00e7\u00e3o: a Vila Leopoldina.","og:type":"article","og:title":"Sobre n\u00f3s - Observat\u00f3rio Leopoldina","og:description":"O Observat\u00f3rio Leopoldina, criado em 17 de abril de 2015, na plataforma Facebook, \u00e9 um espa\u00e7o virtual colaborativo focado no desenvolvimento socioecon\u00f4mico sustent\u00e1vel de um Distrito em plena transforma\u00e7\u00e3o: a Vila Leopoldina. Este Observat\u00f3rio se prop\u00f5e a debater o presente e o futuro desta regi\u00e3o da cidade onde moram mais de 40 mil pessoas. Entendemos","og:url":"https:\/\/observatorioleopoldina.com.br\/home\/sobre-nos\/","og:image":"https:\/\/observatorioleopoldina.com.br\/home\/wp-content\/uploads\/2024\/02\/2022-06-08-removebg-preview.png","og:image:secure_url":"https:\/\/observatorioleopoldina.com.br\/home\/wp-content\/uploads\/2024\/02\/2022-06-08-removebg-preview.png","article:published_time":"2018-11-15T09:14:23+00:00","article:modified_time":"2024-05-08T11:55:50+00:00","twitter:card":"summary_large_image","twitter:title":"Sobre n\u00f3s - Observat\u00f3rio Leopoldina","twitter:description":"O Observat\u00f3rio Leopoldina, criado em 17 de abril de 2015, na plataforma Facebook, \u00e9 um espa\u00e7o virtual colaborativo focado no desenvolvimento socioecon\u00f4mico sustent\u00e1vel de um Distrito em plena transforma\u00e7\u00e3o: a Vila Leopoldina. Este Observat\u00f3rio se prop\u00f5e a debater o presente e o futuro desta regi\u00e3o da cidade onde moram mais de 40 mil pessoas. Entendemos","twitter:image":"https:\/\/observatorioleopoldina.com.br\/home\/wp-content\/uploads\/2024\/02\/2022-06-08-removebg-preview.png"},"aioseo_meta_data":{"post_id":"408","title":null,"description":null,"keywords":null,"keyphrases":{"focus":{"keyphrase":"","score":0,"analysis":{"keyphraseInTitle":{"score":0,"maxScore":9,"error":1}}},"additional":[]},"primary_term":null,"canonical_url":null,"og_title":null,"og_description":null,"og_object_type":"default","og_image_type":"default","og_image_url":null,"og_image_width":null,"og_image_height":null,"og_image_custom_url":null,"og_image_custom_fields":null,"og_video":"","og_custom_url":null,"og_article_section":null,"og_article_tags":null,"twitter_use_og":false,"twitter_card":"default","twitter_image_type":"default","twitter_image_url":null,"twitter_image_custom_url":null,"twitter_image_custom_fields":null,"twitter_title":null,"twitter_description":null,"schema":{"blockGraphs":[],"customGraphs":[],"default":{"data":{"Article":[],"Course":[],"Dataset":[],"FAQPage":[],"Movie":[],"Person":[],"Product":[],"ProductReview":[],"Car":[],"Recipe":[],"Service":[],"SoftwareApplication":[],"WebPage":[]},"graphName":"WebPage","isEnabled":true},"graphs":[]},"schema_type":"default","schema_type_options":null,"pillar_content":false,"robots_default":true,"robots_noindex":false,"robots_noarchive":false,"robots_nosnippet":false,"robots_nofollow":false,"robots_noimageindex":false,"robots_noodp":false,"robots_notranslate":false,"robots_max_snippet":"-1","robots_max_videopreview":"-1","robots_max_imagepreview":"large","priority":null,"frequency":"default","local_seo":null,"breadcrumb_settings":null,"limit_modified_date":false,"ai":null,"created":"2024-04-26 20:40:12","updated":"2025-06-04 00:39:22","seo_analyzer_scan_date":null,"focus_keyword":null,"additional_keywords":null,"truseo_locale":null},"aioseo_breadcrumb":"<div class=\"aioseo-breadcrumbs\"><span class=\"aioseo-breadcrumb\">\n\t\t\t<a href=\"https:\/\/observatorioleopoldina.com.br\/home\" title=\"In\u00edcio\">In\u00edcio<\/a>\n\t\t<\/span><span class=\"aioseo-breadcrumb-separator\">\u00bb<\/span><span class=\"aioseo-breadcrumb\">\n\t\t\tSobre n\u00f3s\n\t\t<\/span><\/div>","aioseo_breadcrumb_json":[{"label":"In\u00edcio","link":"https:\/\/observatorioleopoldina.com.br\/home"},{"label":"Sobre n\u00f3s","link":"https:\/\/observatorioleopoldina.com.br\/home\/sobre-nos\/"}],"_links":{"self":[{"href":"https:\/\/observatorioleopoldina.com.br\/home\/wp-json\/wp\/v2\/pages\/408","targetHints":{"allow":["GET"]}}],"collection":[{"href":"https:\/\/observatorioleopoldina.com.br\/home\/wp-json\/wp\/v2\/pages"}],"about":[{"href":"https:\/\/observatorioleopoldina.com.br\/home\/wp-json\/wp\/v2\/types\/page"}],"author":[{"embeddable":true,"href":"https:\/\/observatorioleopoldina.com.br\/home\/wp-json\/wp\/v2\/users\/1"}],"replies":[{"embeddable":true,"href":"https:\/\/observatorioleopoldina.com.br\/home\/wp-json\/wp\/v2\/comments?post=408"}],"version-history":[{"count":2,"href":"https:\/\/observatorioleopoldina.com.br\/home\/wp-json\/wp\/v2\/pages\/408\/revisions"}],"predecessor-version":[{"id":1010,"href":"https:\/\/observatorioleopoldina.com.br\/home\/wp-json\/wp\/v2\/pages\/408\/revisions\/1010"}],"wp:attachment":[{"href":"https:\/\/observatorioleopoldina.com.br\/home\/wp-json\/wp\/v2\/media?parent=408"}],"curies":[{"name":"wp","href":"https:\/\/api.w.org\/{rel}","templated":true}]}}